{"id":95,"date":"2020-01-15T19:25:08","date_gmt":"2020-01-15T19:25:08","guid":{"rendered":"https:\/\/lichtfaden.ch\/?page_id=95"},"modified":"2021-12-03T16:30:15","modified_gmt":"2021-12-03T14:30:15","slug":"aja-die-geschichte-aus-dem-wald","status":"publish","type":"page","link":"https:\/\/lichtfaden.ch\/index.php\/aja-die-geschichte-aus-dem-wald\/","title":{"rendered":"Aja-Die Geschichte aus dem Wald"},"content":{"rendered":"<div id=\"post-body-6545283407937620150\" class=\"post-body entry-content\">\n<p>Vor mehr als 20 Jahren wurde der Autorin Susanna Fuchs-Steffen, im Schwarzwald eine wunderbare Geschichte zugetragen, welche sie zu Hause im Berner Oberland aufschrieb. Die beiden eigenen Kinder kamen immer wieder in den Genuss, die Geschichte zu h\u00f6ren. Mit der Zeit entstand ein fr\u00f6hliches Lied f\u00fcr Jung und Alt zu der Geschichte.Jahre sp\u00e4ter \u2013 die eigenen Kinder sind inzwischen Erwachsen und selber Eltern &#8211; erfreut die Geschichte von Aja und ihr Lied bereits die n\u00e4chste Generation von aufmerksamen kleinen Zuh\u00f6rern.<\/p>\n<p>Da die Geschichte \u00fcber all die Jahre hinweg immer noch top aktuell ist und nach wie vor Gross und Klein zu ber\u00fchren vermag, entschied Susanna, dass die Geschichte nun reif f\u00fcr ein \u201erichtiges\u201c Buch ist.<\/p>\n<p>Wie so vieles rund um die Aja-Geschichte, f\u00fcgte sich auch die Begegnung mit Irma von Allmen. Irma ist urspr\u00fcnglich Kinderg\u00e4rtnerin und lebt im Berner Oberland. Sie zeichnet seit Jahren mit viel Liebe ganz wundervolle Bilder von verschiedensten Pflanzen. Irma war sofort ber\u00fchrt von der Geschichte von Aja. Voller Tatendrang schuf sie innerhalb weniger Monate die ganze Geschichte in wundervoller Bildform.<\/p>\n<div class=\"separator\"><a href=\"https:\/\/i0.wp.com\/1.bp.blogspot.com\/-yoXY5Uw8yXg\/XiILu5Dj9jI\/AAAAAAAAChM\/Ru7RVmeyFyMPrki6qPHCmJ7zIqJE2WU7gCPcBGAYYCw\/s1600\/527279_406902059337391_1387752127_n.jpg?ssl=1\"><img data-recalc-dims=\"1\" loading=\"lazy\" decoding=\"async\" class=\"\" src=\"https:\/\/i0.wp.com\/1.bp.blogspot.com\/-yoXY5Uw8yXg\/XiILu5Dj9jI\/AAAAAAAAChM\/Ru7RVmeyFyMPrki6qPHCmJ7zIqJE2WU7gCPcBGAYYCw\/s640\/527279_406902059337391_1387752127_n.jpg?resize=480%2C360&#038;ssl=1\" width=\"480\" height=\"360\" border=\"0\" data-original-height=\"720\" data-original-width=\"960\" \/><\/a><\/div>\n<div><strong>Die Geschichte im Buch:<\/strong><\/div>\n<div><\/div>\n<\/div>\n<div><\/div>\n<div id=\"post-body-6545283407937620150\" class=\"post-body entry-content\">\n<p>An einem geheimnisvollen Ort im Wald entsteht ein Konflikt, der grosse Angst ausl\u00f6st.<\/p>\n<p>Auf wunderbare Weise wird die grosse Not entsch\u00e4rft und der Friede im Wald wieder hergestellt.<\/p>\n<p>Die Geschichte von Aja, dem Zwergenm\u00e4dchen, ber\u00fchrt sowohl Kinder als auch Erwachsene, weil sie ermutigt, Ver\u00e4nderungen als Bereicherung anzunehmen.<\/p>\n<p>Vertrauen und Hoffnung wachsen aus guten Erfahrungen &#8211; ein Hauch von Geheimis bleibt.<\/p>\n<div>* * * * *<\/div>\n<div><\/div>\n<p>Das Buch ist im Buchhandel inzwischen vergriffen. Es gibt noch einige B\u00fccher die man in unserem Webshop (kommt demn\u00e4chst) bestellen kann.<\/p>\n<div class=\"separator\"><img data-recalc-dims=\"1\" loading=\"lazy\" decoding=\"async\" class=\"alignnone size-medium wp-image-1607\" src=\"https:\/\/i0.wp.com\/lichtfaden.ch\/wp-content\/uploads\/2020\/02\/DSCN8794-scaled-e1582998473191-225x300.jpg?resize=225%2C300&#038;ssl=1\" alt=\"\" width=\"225\" height=\"300\" srcset=\"https:\/\/i0.wp.com\/lichtfaden.ch\/wp-content\/uploads\/2020\/02\/DSCN8794-scaled-e1582998473191.jpg?resize=225%2C300&amp;ssl=1 225w, https:\/\/i0.wp.com\/lichtfaden.ch\/wp-content\/uploads\/2020\/02\/DSCN8794-scaled-e1582998473191.jpg?resize=600%2C800&amp;ssl=1 600w, https:\/\/i0.wp.com\/lichtfaden.ch\/wp-content\/uploads\/2020\/02\/DSCN8794-scaled-e1582998473191.jpg?resize=768%2C1024&amp;ssl=1 768w, https:\/\/i0.wp.com\/lichtfaden.ch\/wp-content\/uploads\/2020\/02\/DSCN8794-scaled-e1582998473191.jpg?resize=1152%2C1536&amp;ssl=1 1152w, https:\/\/i0.wp.com\/lichtfaden.ch\/wp-content\/uploads\/2020\/02\/DSCN8794-scaled-e1582998473191.jpg?resize=1536%2C2048&amp;ssl=1 1536w, https:\/\/i0.wp.com\/lichtfaden.ch\/wp-content\/uploads\/2020\/02\/DSCN8794-scaled-e1582998473191.jpg?resize=113%2C150&amp;ssl=1 113w, https:\/\/i0.wp.com\/lichtfaden.ch\/wp-content\/uploads\/2020\/02\/DSCN8794-scaled-e1582998473191.jpg?w=1920&amp;ssl=1 1920w, https:\/\/i0.wp.com\/lichtfaden.ch\/wp-content\/uploads\/2020\/02\/DSCN8794-scaled-e1582998473191.jpg?w=1800&amp;ssl=1 1800w\" sizes=\"auto, (max-width: 225px) 100vw, 225px\" \/>\u00a0 <img data-recalc-dims=\"1\" loading=\"lazy\" decoding=\"async\" class=\"alignnone size-medium wp-image-1605\" src=\"https:\/\/i0.wp.com\/lichtfaden.ch\/wp-content\/uploads\/2020\/02\/DSCN8792-scaled-e1582998525562-225x300.jpg?resize=225%2C300&#038;ssl=1\" alt=\"\" width=\"225\" height=\"300\" srcset=\"https:\/\/i0.wp.com\/lichtfaden.ch\/wp-content\/uploads\/2020\/02\/DSCN8792-scaled-e1582998525562.jpg?resize=225%2C300&amp;ssl=1 225w, https:\/\/i0.wp.com\/lichtfaden.ch\/wp-content\/uploads\/2020\/02\/DSCN8792-scaled-e1582998525562.jpg?resize=600%2C800&amp;ssl=1 600w, https:\/\/i0.wp.com\/lichtfaden.ch\/wp-content\/uploads\/2020\/02\/DSCN8792-scaled-e1582998525562.jpg?resize=768%2C1024&amp;ssl=1 768w, https:\/\/i0.wp.com\/lichtfaden.ch\/wp-content\/uploads\/2020\/02\/DSCN8792-scaled-e1582998525562.jpg?resize=1152%2C1536&amp;ssl=1 1152w, https:\/\/i0.wp.com\/lichtfaden.ch\/wp-content\/uploads\/2020\/02\/DSCN8792-scaled-e1582998525562.jpg?resize=1536%2C2048&amp;ssl=1 1536w, https:\/\/i0.wp.com\/lichtfaden.ch\/wp-content\/uploads\/2020\/02\/DSCN8792-scaled-e1582998525562.jpg?resize=113%2C150&amp;ssl=1 113w, https:\/\/i0.wp.com\/lichtfaden.ch\/wp-content\/uploads\/2020\/02\/DSCN8792-scaled-e1582998525562.jpg?w=1920&amp;ssl=1 1920w, https:\/\/i0.wp.com\/lichtfaden.ch\/wp-content\/uploads\/2020\/02\/DSCN8792-scaled-e1582998525562.jpg?w=1800&amp;ssl=1 1800w\" sizes=\"auto, (max-width: 225px) 100vw, 225px\" \/><\/div>\n<div><\/div>\n<div class=\"separator\"><img data-recalc-dims=\"1\" loading=\"lazy\" decoding=\"async\" class=\"alignnone size-medium wp-image-1604\" src=\"https:\/\/i0.wp.com\/lichtfaden.ch\/wp-content\/uploads\/2020\/02\/DSCN8791.jpg?resize=300%2C225&#038;ssl=1\" alt=\"\" width=\"300\" height=\"225\" srcset=\"https:\/\/i0.wp.com\/lichtfaden.ch\/wp-content\/uploads\/2020\/02\/DSCN8791-scaled.jpg?resize=300%2C225&amp;ssl=1 300w, https:\/\/i0.wp.com\/lichtfaden.ch\/wp-content\/uploads\/2020\/02\/DSCN8791-scaled.jpg?resize=600%2C450&amp;ssl=1 600w, https:\/\/i0.wp.com\/lichtfaden.ch\/wp-content\/uploads\/2020\/02\/DSCN8791-scaled.jpg?resize=1024%2C768&amp;ssl=1 1024w, https:\/\/i0.wp.com\/lichtfaden.ch\/wp-content\/uploads\/2020\/02\/DSCN8791-scaled.jpg?resize=768%2C576&amp;ssl=1 768w, https:\/\/i0.wp.com\/lichtfaden.ch\/wp-content\/uploads\/2020\/02\/DSCN8791-scaled.jpg?resize=1536%2C1152&amp;ssl=1 1536w, https:\/\/i0.wp.com\/lichtfaden.ch\/wp-content\/uploads\/2020\/02\/DSCN8791-scaled.jpg?resize=2048%2C1536&amp;ssl=1 2048w, https:\/\/i0.wp.com\/lichtfaden.ch\/wp-content\/uploads\/2020\/02\/DSCN8791-scaled.jpg?resize=150%2C113&amp;ssl=1 150w, https:\/\/i0.wp.com\/lichtfaden.ch\/wp-content\/uploads\/2020\/02\/DSCN8791-scaled.jpg?w=1800&amp;ssl=1 1800w\" sizes=\"auto, (max-width: 300px) 100vw, 300px\" \/><img data-recalc-dims=\"1\" loading=\"lazy\" decoding=\"async\" class=\"alignnone size-medium wp-image-1603\" src=\"https:\/\/i0.wp.com\/lichtfaden.ch\/wp-content\/uploads\/2020\/02\/DSCN8790.jpg?resize=300%2C225&#038;ssl=1\" alt=\"\" width=\"300\" height=\"225\" srcset=\"https:\/\/i0.wp.com\/lichtfaden.ch\/wp-content\/uploads\/2020\/02\/DSCN8790-scaled.jpg?resize=300%2C225&amp;ssl=1 300w, https:\/\/i0.wp.com\/lichtfaden.ch\/wp-content\/uploads\/2020\/02\/DSCN8790-scaled.jpg?resize=600%2C450&amp;ssl=1 600w, https:\/\/i0.wp.com\/lichtfaden.ch\/wp-content\/uploads\/2020\/02\/DSCN8790-scaled.jpg?resize=1024%2C768&amp;ssl=1 1024w, https:\/\/i0.wp.com\/lichtfaden.ch\/wp-content\/uploads\/2020\/02\/DSCN8790-scaled.jpg?resize=768%2C576&amp;ssl=1 768w, https:\/\/i0.wp.com\/lichtfaden.ch\/wp-content\/uploads\/2020\/02\/DSCN8790-scaled.jpg?resize=1536%2C1152&amp;ssl=1 1536w, https:\/\/i0.wp.com\/lichtfaden.ch\/wp-content\/uploads\/2020\/02\/DSCN8790-scaled.jpg?resize=2048%2C1536&amp;ssl=1 2048w, https:\/\/i0.wp.com\/lichtfaden.ch\/wp-content\/uploads\/2020\/02\/DSCN8790-scaled.jpg?resize=150%2C113&amp;ssl=1 150w, https:\/\/i0.wp.com\/lichtfaden.ch\/wp-content\/uploads\/2020\/02\/DSCN8790-scaled.jpg?w=1800&amp;ssl=1 1800w\" sizes=\"auto, (max-width: 300px) 100vw, 300px\" \/><img data-recalc-dims=\"1\" loading=\"lazy\" decoding=\"async\" class=\"alignnone size-medium wp-image-1606\" src=\"https:\/\/i0.wp.com\/lichtfaden.ch\/wp-content\/uploads\/2020\/02\/DSCN8793.jpg?resize=300%2C225&#038;ssl=1\" alt=\"\" width=\"300\" height=\"225\" srcset=\"https:\/\/i0.wp.com\/lichtfaden.ch\/wp-content\/uploads\/2020\/02\/DSCN8793-scaled.jpg?resize=300%2C225&amp;ssl=1 300w, https:\/\/i0.wp.com\/lichtfaden.ch\/wp-content\/uploads\/2020\/02\/DSCN8793-scaled.jpg?resize=600%2C450&amp;ssl=1 600w, https:\/\/i0.wp.com\/lichtfaden.ch\/wp-content\/uploads\/2020\/02\/DSCN8793-scaled.jpg?resize=1024%2C768&amp;ssl=1 1024w, https:\/\/i0.wp.com\/lichtfaden.ch\/wp-content\/uploads\/2020\/02\/DSCN8793-scaled.jpg?resize=768%2C576&amp;ssl=1 768w, https:\/\/i0.wp.com\/lichtfaden.ch\/wp-content\/uploads\/2020\/02\/DSCN8793-scaled.jpg?resize=1536%2C1152&amp;ssl=1 1536w, https:\/\/i0.wp.com\/lichtfaden.ch\/wp-content\/uploads\/2020\/02\/DSCN8793-scaled.jpg?resize=2048%2C1536&amp;ssl=1 2048w, https:\/\/i0.wp.com\/lichtfaden.ch\/wp-content\/uploads\/2020\/02\/DSCN8793-scaled.jpg?resize=150%2C113&amp;ssl=1 150w, https:\/\/i0.wp.com\/lichtfaden.ch\/wp-content\/uploads\/2020\/02\/DSCN8793-scaled.jpg?w=1800&amp;ssl=1 1800w\" sizes=\"auto, (max-width: 300px) 100vw, 300px\" \/><\/div>\n<\/div>\n<p>Ein Kinderbuch der Mattner Autorin Susanna Fuchs-Steffen<\/p>\n<p><a href=\"https:\/\/www.facebook.com\/Aja-Die-Geschichte-aus-dem-Wald-262852823742316\/\"><img data-recalc-dims=\"1\" loading=\"lazy\" decoding=\"async\" class=\"wp-image-88 alignleft\" src=\"https:\/\/i0.wp.com\/lichtfaden.ch\/wp-content\/uploads\/2020\/01\/fb_icon_325x325.png?resize=50%2C50&#038;ssl=1\" alt=\"\" width=\"50\" height=\"50\" srcset=\"https:\/\/i0.wp.com\/lichtfaden.ch\/wp-content\/uploads\/2020\/01\/fb_icon_325x325.png?resize=300%2C300&amp;ssl=1 300w, https:\/\/i0.wp.com\/lichtfaden.ch\/wp-content\/uploads\/2020\/01\/fb_icon_325x325.png?resize=100%2C100&amp;ssl=1 100w, https:\/\/i0.wp.com\/lichtfaden.ch\/wp-content\/uploads\/2020\/01\/fb_icon_325x325.png?resize=150%2C150&amp;ssl=1 150w, https:\/\/i0.wp.com\/lichtfaden.ch\/wp-content\/uploads\/2020\/01\/fb_icon_325x325.png?w=325&amp;ssl=1 325w\" sizes=\"auto, (max-width: 50px) 100vw, 50px\" \/><\/a><\/p>\n","protected":false},"excerpt":{"rendered":"<p>Vor mehr als 20 Jahren wurde der Autorin Susanna Fuchs-Steffen, im Schwarzwald eine wunderbare Geschichte zugetragen, welche sie zu Hause im Berner Oberland aufschrieb. Die beiden eigenen Kinder kamen immer wieder in den Genuss, die Geschichte zu h\u00f6ren. Mit der Zeit entstand ein fr\u00f6hliches Lied f\u00fcr Jung und Alt zu&#8230;<\/p>\n<p> <a class=\"continue-reading-link\" href=\"https:\/\/lichtfaden.ch\/index.php\/aja-die-geschichte-aus-dem-wald\/\"><span>Continue reading<\/span><i class=\"crycon-right-dir\"><\/i><\/a> <\/p>\n","protected":false},"author":1,"featured_media":0,"parent":0,"menu_order":0,"comment_status":"closed","ping_status":"closed","template":"","meta":{"footnotes":""},"class_list":["post-95","page","type-page","status-publish","hentry"],"jetpack_sharing_enabled":true,"_links":{"self":[{"href":"https:\/\/lichtfaden.ch\/index.php\/wp-json\/wp\/v2\/pages\/95","targetHints":{"allow":["GET"]}}],"collection":[{"href":"https:\/\/lichtfaden.ch\/index.php\/wp-json\/wp\/v2\/pages"}],"about":[{"href":"https:\/\/lichtfaden.ch\/index.php\/wp-json\/wp\/v2\/types\/page"}],"author":[{"embeddable":true,"href":"https:\/\/lichtfaden.ch\/index.php\/wp-json\/wp\/v2\/users\/1"}],"replies":[{"embeddable":true,"href":"https:\/\/lichtfaden.ch\/index.php\/wp-json\/wp\/v2\/comments?post=95"}],"version-history":[{"count":25,"href":"https:\/\/lichtfaden.ch\/index.php\/wp-json\/wp\/v2\/pages\/95\/revisions"}],"predecessor-version":[{"id":5222,"href":"https:\/\/lichtfaden.ch\/index.php\/wp-json\/wp\/v2\/pages\/95\/revisions\/5222"}],"wp:attachment":[{"href":"https:\/\/lichtfaden.ch\/index.php\/wp-json\/wp\/v2\/media?parent=95"}],"curies":[{"name":"wp","href":"https:\/\/api.w.org\/{rel}","templated":true}]}}